{"id":608,"date":"2024-08-13T13:15:28","date_gmt":"2024-08-13T11:15:28","guid":{"rendered":"https:\/\/aperpsicologia.es\/?page_id=608"},"modified":"2024-08-21T10:49:58","modified_gmt":"2024-08-21T08:49:58","slug":"politica-de-privacidad","status":"publish","type":"page","link":"https:\/\/aperpsicologia.es\/en\/politica-de-privacidad\/","title":{"rendered":"Pol\u00edtica de Privacidad"},"content":{"rendered":"<div data-elementor-type=\"wp-page\" data-elementor-id=\"608\" class=\"elementor elementor-608\" data-elementor-post-type=\"page\">\n\t\t\t\t<div class=\"elementor-element elementor-element-96fc124 e-flex e-con-boxed e-con e-parent\" data-id=\"96fc124\" data-element_type=\"container\">\n\t\t\t\t\t<div class=\"e-con-inner\">\n\t\t\t\t<div class=\"elementor-element elementor-element-e211b55 elementor-widget elementor-widget-text-editor\" data-id=\"e211b55\" data-element_type=\"widget\" data-widget_type=\"text-editor.default\">\n\t\t\t\t<div class=\"elementor-widget-container\">\n\t\t\t\t\t\t\t\t\t<div data-vce-boxed-width=\"true\">\n<div data-vce-do-apply=\"all el-2feba529\">\n<div data-vce-element-content=\"true\">\n<div>\n<div data-vce-do-apply=\"border margin background el-d10d93d5\">\n<div data-vce-element-content=\"true\" data-vce-do-apply=\"padding el-d10d93d5\">\n<div>\n<div data-vce-do-apply=\"all el-87b5b473\"><\/div>\n<\/div>\n<\/div>\n<\/div>\n<\/div>\n<\/div>\n<\/div>\n<\/div>\n<div data-vce-boxed-width=\"true\">\n<div data-vce-do-apply=\"all el-2901f8b3\">\n<div data-vce-element-content=\"true\">\n<div>\n<div data-vce-do-apply=\"border margin background el-e3c76160\">\n<div data-vce-element-content=\"true\" data-vce-do-apply=\"padding el-e3c76160\">\n<div>\n<div data-vce-do-apply=\"all el-6ec5a8a9\">\n\nDe acuerdo a lo dispuesto en el Reglamento General de Protecci\u00f3n de Datos, (RGPD (UE) 2016\/679) aplicable a partir del 25 de mayo de 2018, se informa como Responsable del Tratamiento de los Datos de Car\u00e1cter Personal que usted pueda facilitar de forma voluntaria a trav\u00e9s de esta web, que estos ser\u00e1n tratados respetando en todo momento la legalidad vigente.\n\n<\/div>\n<\/div>\n<\/div>\n<\/div>\n<\/div>\n<\/div>\n<\/div>\n<\/div>\n<div data-vce-boxed-width=\"true\">\n<div data-vce-do-apply=\"all el-f138a101\">\n<div data-vce-element-content=\"true\">\n<div>\n<div data-vce-do-apply=\"border margin background el-7385245b\">\n<div data-vce-element-content=\"true\" data-vce-do-apply=\"padding el-7385245b\">\n<div>\n<div data-vce-do-apply=\"all el-65c73e46\">\n<h2><strong>Identificaci\u00f3n<\/strong><\/h2>\n<ul>\n \t<li>Titular: <strong>FRANCISCO JAVIER VERGARA BOLOS<\/strong><\/li>\n \t<li>NIF \/ CIF:\u00a0<strong>07562930R<\/strong><\/li>\n \t<li>Correo electr\u00f3nico: <b>anaperezlopez@cop.es<\/b><\/li>\n \t<li>Domicilio social: <strong>Plaza Isabel II 1, Entreplanta, puerta 3, 02005, Albacete, Albacete<\/strong><\/li>\n<\/ul>\n<\/div>\n<\/div>\n<\/div>\n<\/div>\n<\/div>\n<\/div>\n<\/div>\n<\/div>\n<div data-vce-boxed-width=\"true\">\n<div data-vce-do-apply=\"all el-7941f21b\">\n<div data-vce-element-content=\"true\">\n<div>\n<div data-vce-do-apply=\"border margin background el-ac4899db\">\n<div data-vce-element-content=\"true\" data-vce-do-apply=\"padding el-ac4899db\">\n<div>\n<div data-vce-do-apply=\"all el-a2f6289a\">\n<h2><strong>Informaci\u00f3n y consentimiento<\/strong><\/h2>\nMediante la lectura de la presente Pol\u00edtica de Privacidad, el Usuario queda informado sobre la forma en que se recaba, trata y protege los datos de car\u00e1cter personal que le son facilitados a trav\u00e9s del sitio web, as\u00ed como los propios de su conexi\u00f3n y navegaci\u00f3n a trav\u00e9s de \u00e9l. Y aquellos otros datos que pueda facilitar en un futuro a trav\u00e9s de cualquier contrato de prestaci\u00f3n de servicios que celebre con dicha empresa.\n\nEl Usuario debe leer con atenci\u00f3n esta Pol\u00edtica de Privacidad, que ha sido redactada de forma clara y sencilla, para facilitar su comprensi\u00f3n, y determinar libre y voluntariamente si desea facilitar sus datos personales o los de terceros.\n\n<\/div>\n<\/div>\n<\/div>\n<\/div>\n<\/div>\n<\/div>\n<\/div>\n<\/div>\n<div data-vce-boxed-width=\"true\">\n<div data-vce-do-apply=\"all el-00f89b4c\">\n<div data-vce-element-content=\"true\">\n<div>\n<div data-vce-do-apply=\"border margin background el-7d073750\">\n<div data-vce-element-content=\"true\" data-vce-do-apply=\"padding el-7d073750\">\n<div>\n<div data-vce-do-apply=\"all el-21236665\">\n<h2><strong>Obligatoriedad de facilitar los datos<\/strong><\/h2>\nLos datos solicitados en los formularios accesibles son con car\u00e1cter general, obligatorios (salvo que en el campo requerido se especifique lo contrario) para cumplir con las finalidades establecidas. Por lo tanto, si no se facilitan los mismos, o no se registran correctamente, no podr\u00e1n atenderse las solicitudes realizadas a trav\u00e9s de dichos formularios.\n\n<\/div>\n<\/div>\n<\/div>\n<\/div>\n<\/div>\n<\/div>\n<\/div>\n<\/div>\n<div data-vce-boxed-width=\"true\">\n<div data-vce-do-apply=\"all el-4a7b3a8d\">\n<div data-vce-element-content=\"true\">\n<div>\n<div data-vce-do-apply=\"border margin background el-48a2d8a8\">\n<div data-vce-element-content=\"true\" data-vce-do-apply=\"padding el-48a2d8a8\">\n<div>\n<div data-vce-do-apply=\"all el-af7f7f65\">\n<h2><strong>\u00bfCon qu\u00e9 finalidad se tratan los datos personales del usuario y durante cu\u00e1nto tiempo?<\/strong><\/h2>\nEn funci\u00f3n de las solicitudes del Usuario, los datos personales recabados ser\u00e1n tratados conforme a las siguientes finalidades:\n<ul>\n \t<li>Gestionar las solicitudes de servicios dirigidas por el Usuario.<\/li>\n \t<li>Gestionar la suscripci\u00f3n a la newsletter y posterior remisi\u00f3n de la misma.<\/li>\n \t<li>Gestionar el env\u00edo de comunicaciones comerciales personalizadas, por medios electr\u00f3nicos y\/o convencionales, salvo que el Usuario indique lo contrario marcando la casilla correspondiente, o muestre su oposici\u00f3n a dicho tratamiento.<\/li>\n \t<li>Gestionar la prestaci\u00f3n de los servicios contratados, as\u00ed como de cualesquiera servicios adicionales a este.<\/li>\n \t<li>Gestionar la realizaci\u00f3n de encuestas y\/o evaluaciones relativas a la calidad de los servicios prestados y\/o a la percepci\u00f3n de su imagen como compa\u00f1\u00eda.<\/li>\n<\/ul>\nLos datos del Usuario ser\u00e1n conservados durante el plazo necesario para el cumplimiento de cada finalidad o hasta que el Usuario solicite su baja, se oponga o revoque su consentimiento.\n\n<\/div>\n<\/div>\n<\/div>\n<\/div>\n<\/div>\n<\/div>\n<\/div>\n<\/div>\n<div data-vce-boxed-width=\"true\">\n<div data-vce-do-apply=\"all el-465e7b87\">\n<div data-vce-element-content=\"true\">\n<div>\n<div data-vce-do-apply=\"border margin background el-77f4c365\">\n<div data-vce-element-content=\"true\" data-vce-do-apply=\"padding el-77f4c365\">\n<div>\n<div data-vce-do-apply=\"all el-a63b08ad\">\n<h2><strong>\u00bfQu\u00e9 datos del usuario tratamos?<\/strong><\/h2>\nSe podr\u00e1n tratar las siguientes categor\u00edas de datos, en funci\u00f3n de la solicitud realizada por el Usuario:\n<ul>\n \t<li>Datos identificativos: nombre, apellidos<\/li>\n \t<li>Datos de contacto: direcci\u00f3n postal, tel\u00e9fono m\u00f3vil, direcci\u00f3n de correo electr\u00f3nico.<\/li>\n \t<li>C\u00f3digos o claves de identificaci\u00f3n del Usuario.<\/li>\n \t<li>Datos de caracter\u00edsticas personales: fecha de nacimiento, sexo, nacionalidad.<\/li>\n \t<li>Datos de preferencias.<\/li>\n \t<li>Datos de geolocalizaci\u00f3n.<\/li>\n<\/ul>\nEn caso de que el Usuario facilite datos de terceros, manifiesta contar con el consentimiento de los mismos y se compromete a trasladar al interesado, titular de dichos datos, la informaci\u00f3n contenida en la presente Pol\u00edtica de Privacidad, eximi\u00e9ndonos de toda responsabilidad en este sentido. No obstante, podremos llevar a cabo las verificaciones necesarias para constatar este hecho, adoptando las medidas de diligencia debida que correspondan, conforme a la normativa de protecci\u00f3n de datos.\n\n<\/div>\n<\/div>\n<\/div>\n<\/div>\n<\/div>\n<\/div>\n<\/div>\n<\/div>\n<div data-vce-boxed-width=\"true\">\n<div data-vce-do-apply=\"all el-0b3465d1\">\n<div data-vce-element-content=\"true\">\n<div>\n<div data-vce-do-apply=\"border margin background el-d2b38672\">\n<div data-vce-element-content=\"true\" data-vce-do-apply=\"padding el-d2b38672\">\n<div>\n<div data-vce-do-apply=\"all el-ee2426c4\">\n<h2><strong>\u00bfCu\u00e1l es la legitimaci\u00f3n del tratamiento de tus datos?<\/strong><\/h2>\nLos tratamientos de datos necesarios para el cumplimiento de las referidas finalidades que precisen del consentimiento del Usuario para su realizaci\u00f3n, no se llevar\u00e1n a cabo sin contar con \u00e9ste. Asimismo, en caso de que el Usuario retirase su consentimiento a cualquiera de los tratamientos, ello no afectar\u00e1 a la licitud de los tratamientos efectuados con anterioridad.\n\nPara revocar dicho consentimiento, el Usuario podr\u00e1 contactar con nosotros a trav\u00e9s de los canales siguientes:\n<ul>\n \t<li>Por medio de un escrito dirigido a la direcci\u00f3n postal que aparece en el encabezamiento de la presente pol\u00edtica.<\/li>\n \t<li>Por medio de un correo electr\u00f3nico a la direcci\u00f3n que aparece en el encabezamiento de la presente pol\u00edtica.<\/li>\n<\/ul>\nEn ambos casos con la Referencia \u201cProtecci\u00f3n de Datos\u201d. Asimismo, en los casos en los que sea necesario tratar los datos del Usuario para el cumplimiento de una obligaci\u00f3n legal o para la ejecuci\u00f3n de la relaci\u00f3n contractual existente entre nuestra compa\u00f1\u00eda y el Usuario, el tratamiento se encontrar\u00eda legitimado por ser necesario para el cumplimiento de dichas finalidades. Por su parte, el tratamiento llevado a cabo para la realizaci\u00f3n de encuestas y\/o evaluaciones relativas a la calidad de los servicios prestados y\/o a la percepci\u00f3n de su imagen como compa\u00f1\u00eda se realizar\u00e1 en base al inter\u00e9s leg\u00edtimo del responsable.\n\n<\/div>\n<\/div>\n<\/div>\n<\/div>\n<\/div>\n<\/div>\n<\/div>\n<\/div>\n<div data-vce-boxed-width=\"true\">\n<div data-vce-do-apply=\"all el-0f746805\">\n<div data-vce-element-content=\"true\">\n<div>\n<div data-vce-do-apply=\"border margin background el-5d1c8c31\">\n<div data-vce-element-content=\"true\" data-vce-do-apply=\"padding el-5d1c8c31\">\n<div>\n<div data-vce-do-apply=\"all el-a08d31a5\">\n<h2><strong>\u00bfA qu\u00e9 destinatarios se comunicar\u00e1n los datos del usuario?<\/strong><\/h2>\nLos datos del Usuario podr\u00e1n ser comunicados a:\n<ul>\n \t<li>Empresas participadas o de nuestro grupo empresarial, \u00fanicamente para fines administrativos internos y\/o para las finalidades anteriormente indicadas.<\/li>\n \t<li>Proveedores que presten servicios necesarios para el adecuado cumplimiento de las obligaciones legales y\/o de las finalidades anteriormente indicadas, as\u00ed como a su proveedor de servicios web.<\/li>\n \t<li>Administraciones P\u00fablicas, en los casos previstos por la Ley.<\/li>\n<\/ul>\nLos destinatarios indicados en el presente apartado pueden encontrarse ubicados dentro o fuera del Espacio Econ\u00f3mico Europeo, encontr\u00e1ndose en este \u00faltimo caso debidamente legitimadas las transferencias internacionales de datos.\n\n<\/div>\n<\/div>\n<\/div>\n<\/div>\n<\/div>\n<\/div>\n<\/div>\n<\/div>\n<div data-vce-boxed-width=\"true\">\n<div data-vce-do-apply=\"all el-c4979aba\">\n<div data-vce-element-content=\"true\">\n<div>\n<div data-vce-do-apply=\"border margin background el-11775bca\">\n<div data-vce-element-content=\"true\" data-vce-do-apply=\"padding el-11775bca\">\n<div>\n<div data-vce-do-apply=\"all el-802427f1\">\n<h2><strong>Responsabilidad del usuario<\/strong><\/h2>\n<strong>El Usuario<\/strong>:\n<ul>\n \t<li>Garantiza que es mayor de edad o emancipado legalmente en su caso, plenamente capaz, y que los datos que facilita son verdaderos, exactos, completos y actualizados. A estos efectos, el Usuario responde de la veracidad de todos los datos que comunique y mantendr\u00e1 convenientemente actualizada la informaci\u00f3n facilitada, de tal forma que responda a su situaci\u00f3n real.<\/li>\n \t<li>Garantiza que ha informado a los terceros de los que facilite sus datos, en caso de hacerlo, de los aspectos contenidos en este documento. Asimismo, garantiza que ha obtenido su autorizaci\u00f3n para facilitar sus datos para los fines se\u00f1alados.<\/li>\n<\/ul>\nSer\u00e1 responsable de las informaciones falsas o inexactas que proporcione a trav\u00e9s del Sitio Web y de los da\u00f1os y perjuicios, directos o indirectos, que ello cause a nuestra compa\u00f1\u00eda o a terceros.\n\n<\/div>\n<\/div>\n<\/div>\n<\/div>\n<\/div>\n<\/div>\n<\/div>\n<\/div>\n<div data-vce-boxed-width=\"true\">\n<div data-vce-do-apply=\"all el-0ad297cb\">\n<div data-vce-element-content=\"true\">\n<div>\n<div data-vce-do-apply=\"border margin background el-c65caee5\">\n<div data-vce-element-content=\"true\" data-vce-do-apply=\"padding el-c65caee5\">\n<div>\n<div data-vce-do-apply=\"all el-d2883b42\">\n<h2><strong>Comunicaciones comerciales y promocionales<\/strong><\/h2>\nUna de las finalidades del tratamiento de los datos del Usuario ser\u00e1 para el env\u00edo de comunicaciones comerciales, por medios electr\u00f3nicos y\/o convencionales, con informaci\u00f3n relativa a los productos y servicios que comercializa, a promociones y ofertas, o con noticias relevantes para el Usuario. Siempre que se realice alguna comunicaci\u00f3n de este tipo, ser\u00e1 dirigida \u00fanica y exclusivamente a aquellos Usuarios que hubieran autorizado expresamente su recepci\u00f3n.\n\nPara llevar a cabo la labor anterior, se podr\u00e1 analizar los datos obtenidos, a fin de elaborar perfiles de Usuario que permitan definir con mayor detalle los productos que puedan resultar de su inter\u00e9s.\n\nEn caso de que el Usuario desee dejar de recibir comunicaciones comerciales o promocionales puede solicitar la baja del servicio enviando a la direcci\u00f3n que aparece en el encabezamiento de la presente pol\u00edtica indicando su negativa a la recepci\u00f3n de las mismas.\n\n<\/div>\n<\/div>\n<\/div>\n<\/div>\n<\/div>\n<\/div>\n<\/div>\n<\/div>\n<div data-vce-boxed-width=\"true\">\n<div data-vce-do-apply=\"all el-4240b7c9\">\n<div data-vce-element-content=\"true\">\n<div>\n<div data-vce-do-apply=\"border margin background el-02f12258\">\n<div data-vce-element-content=\"true\" data-vce-do-apply=\"padding el-02f12258\">\n<div>\n<div data-vce-do-apply=\"all el-4f25e1b0\">\n<h2><strong>Datos de geolocalizaci\u00f3n<\/strong><\/h2>\nAlgunas de las funcionalidades del Sitio Web permiten la geolocalizaci\u00f3n del dispositivo desde el que se acceda: Tablet, smartphone, etc.\n\nEl Usuario podr\u00e1 deshabilitar est\u00e1 opci\u00f3n directamente en el propio dispositivo, sin embargo, la desactivaci\u00f3n de esta opci\u00f3n podr\u00e1 impedir el uso de algunas de las funcionalidades del Sitio Web.\n\n<\/div>\n<\/div>\n<\/div>\n<\/div>\n<\/div>\n<\/div>\n<\/div>\n<\/div>\n<div data-vce-boxed-width=\"true\">\n<div data-vce-do-apply=\"all el-e93b7578\">\n<div data-vce-element-content=\"true\">\n<div>\n<div data-vce-do-apply=\"border margin background el-a5a26c69\">\n<div data-vce-element-content=\"true\" data-vce-do-apply=\"padding el-a5a26c69\">\n<div>\n<div data-vce-do-apply=\"all el-aade5c56\">\n<h2><strong>Ejercicios de derechos<\/strong><\/h2>\nEn cumplimiento de los dispuesto en el Reglamento del Parlamento Europeo relativo a la protecci\u00f3n de las personas f\u00edsicas y en la Ley Org\u00e1nica de Protecci\u00f3n de Datos Personales y Garant\u00eda de los Derechos Digitales, ponemos a disposici\u00f3n el ejercicio de los derechos de acceso, rectificaci\u00f3n, limitaci\u00f3n del tratamiento, portabilidad y oposici\u00f3n. Las formas de ejercicio de los citados derechos son las siguientes:\n<ul>\n \t<li>Por medio de un escrito dirigido a la direcci\u00f3n postal que aparece en el encabezamiento de la presente pol\u00edtica.<\/li>\n \t<li>Por medio de un correo electr\u00f3nico a la direcci\u00f3n que aparece en el encabezamiento de la presente pol\u00edtica.<\/li>\n<\/ul>\nEn ambos casos, con la Referencia \u201cProtecci\u00f3n de Datos\u201d,debe adjuntar fotocopia de su documento de identidad o pasaporte en vigor que acredite la identidad del solicitante.\n\nEstos derechos pueden ejercerse directamente o por medio de representante y su ejercicio tiene car\u00e1cter gratuito salvo que las solicitudes presentadas sean manifiestamente infundadas o excesivas, en cuyo caso se podr\u00e1 cobrar un canon proporcional a los costes administrativos soportados o negarse a actuar.\n<ul>\n \t<li>Derecho de Acceso<\/li>\n \t<li>Derecho de Rectificaci\u00f3n<\/li>\n \t<li>Derecho de Supresi\u00f3n<\/li>\n \t<li>Derecho de Limitaci\u00f3n del Tratamiento<\/li>\n \t<li>Derecho a la Portabilidad<\/li>\n \t<li>Derecho de Oposici\u00f3n<\/li>\n<\/ul>\n<\/div>\n<\/div>\n<\/div>\n<\/div>\n<\/div>\n<\/div>\n<\/div>\n<\/div>\n<div data-vce-boxed-width=\"true\">\n<div data-vce-do-apply=\"all el-61613931\">\n<div data-vce-element-content=\"true\">\n<div>\n<div data-vce-do-apply=\"border margin background el-59bdcd8b\">\n<div data-vce-element-content=\"true\" data-vce-do-apply=\"padding el-59bdcd8b\">\n<div>\n<div data-vce-do-apply=\"all el-1776d925\">\n<h2><strong>Medidas de seguridad<\/strong><\/h2>\nSe tratar\u00e1 los datos del Usuario en todo momento de forma absolutamente confidencial y guardando el preceptivo deber de secreto respecto de los mismos, de conformidad con lo previsto en la normativa de aplicaci\u00f3n, adoptando al efecto las medidas de \u00edndole t\u00e9cnica y organizativas necesarias que garanticen la seguridad de sus datos y eviten su alteraci\u00f3n, p\u00e9rdida, tratamiento o acceso no autorizado, habida cuenta del estado de la tecnolog\u00eda, la naturaleza de los datos almacenados y los riesgos a que est\u00e1n expuestos.\n\n<\/div>\n<\/div>\n<\/div>\n<\/div>\n<\/div>\n<\/div>\n<\/div>\n<\/div>\t\t\t\t\t\t\t\t<\/div>\n\t\t\t\t<\/div>\n\t\t\t\t\t<\/div>\n\t\t\t\t<\/div>\n\t\t\t\t<\/div>","protected":false},"excerpt":{"rendered":"<p>Pol\u00edticas de Privacidad de APER Psicolog\u00eda<\/p>","protected":false},"author":1,"featured_media":0,"parent":0,"menu_order":0,"comment_status":"closed","ping_status":"closed","template":"","meta":{"inline_featured_image":false,"footnotes":""},"class_list":["post-608","page","type-page","status-publish","hentry"],"yoast_head":"<!-- This site is optimized with the Yoast SEO plugin v24.9 - https:\/\/yoast.com\/wordpress\/plugins\/seo\/ -->\n<title>Pol\u00edtica de Privacidad - Aper Psicolog\u00eda<\/title>\n<meta name=\"robots\" content=\"index, follow, max-snippet:-1, max-image-preview:large, max-video-preview:-1\" \/>\n<link rel=\"canonical\" href=\"https:\/\/aperpsicologia.es\/en\/politica-de-privacidad\/\" \/>\n<meta property=\"og:locale\" content=\"en_US\" \/>\n<meta property=\"og:type\" content=\"article\" \/>\n<meta property=\"og:title\" content=\"Pol\u00edtica de Privacidad - Aper Psicolog\u00eda\" \/>\n<meta property=\"og:description\" content=\"Pol\u00edticas de Privacidad de APER Psicolog\u00eda\" \/>\n<meta property=\"og:url\" content=\"https:\/\/aperpsicologia.es\/en\/politica-de-privacidad\/\" \/>\n<meta property=\"og:site_name\" content=\"Aper Psicolog\u00eda\" \/>\n<meta property=\"article:modified_time\" content=\"2024-08-21T08:49:58+00:00\" \/>\n<meta name=\"twitter:card\" content=\"summary_large_image\" \/>\n<meta name=\"twitter:label1\" content=\"Est. reading time\" \/>\n\t<meta name=\"twitter:data1\" content=\"7 minutes\" \/>\n<script type=\"application\/ld+json\" class=\"yoast-schema-graph\">{\"@context\":\"https:\/\/schema.org\",\"@graph\":[{\"@type\":\"WebPage\",\"@id\":\"https:\/\/aperpsicologia.es\/politica-de-privacidad\/\",\"url\":\"https:\/\/aperpsicologia.es\/politica-de-privacidad\/\",\"name\":\"Pol\u00edtica de Privacidad - Aper Psicolog\u00eda\",\"isPartOf\":{\"@id\":\"https:\/\/aperpsicologia.es\/#website\"},\"datePublished\":\"2024-08-13T11:15:28+00:00\",\"dateModified\":\"2024-08-21T08:49:58+00:00\",\"breadcrumb\":{\"@id\":\"https:\/\/aperpsicologia.es\/politica-de-privacidad\/#breadcrumb\"},\"inLanguage\":\"en-US\",\"potentialAction\":[{\"@type\":\"ReadAction\",\"target\":[\"https:\/\/aperpsicologia.es\/politica-de-privacidad\/\"]}]},{\"@type\":\"BreadcrumbList\",\"@id\":\"https:\/\/aperpsicologia.es\/politica-de-privacidad\/#breadcrumb\",\"itemListElement\":[{\"@type\":\"ListItem\",\"position\":1,\"name\":\"Home\",\"item\":\"https:\/\/aperpsicologia.es\/\"},{\"@type\":\"ListItem\",\"position\":2,\"name\":\"Pol\u00edtica de Privacidad\"}]},{\"@type\":\"WebSite\",\"@id\":\"https:\/\/aperpsicologia.es\/#website\",\"url\":\"https:\/\/aperpsicologia.es\/\",\"name\":\"Aper Psicolog\u00eda\",\"description\":\"\",\"publisher\":{\"@id\":\"https:\/\/aperpsicologia.es\/#organization\"},\"potentialAction\":[{\"@type\":\"SearchAction\",\"target\":{\"@type\":\"EntryPoint\",\"urlTemplate\":\"https:\/\/aperpsicologia.es\/?s={search_term_string}\"},\"query-input\":{\"@type\":\"PropertyValueSpecification\",\"valueRequired\":true,\"valueName\":\"search_term_string\"}}],\"inLanguage\":\"en-US\"},{\"@type\":\"Organization\",\"@id\":\"https:\/\/aperpsicologia.es\/#organization\",\"name\":\"Aper Psicolog\u00eda\",\"url\":\"https:\/\/aperpsicologia.es\/\",\"logo\":{\"@type\":\"ImageObject\",\"inLanguage\":\"en-US\",\"@id\":\"https:\/\/aperpsicologia.es\/#\/schema\/logo\/image\/\",\"url\":\"http:\/\/aperpsicologia.es\/wp-content\/uploads\/2024\/07\/Logo-Sin-Fondo.png\",\"contentUrl\":\"http:\/\/aperpsicologia.es\/wp-content\/uploads\/2024\/07\/Logo-Sin-Fondo.png\",\"width\":372,\"height\":372,\"caption\":\"Aper Psicolog\u00eda\"},\"image\":{\"@id\":\"https:\/\/aperpsicologia.es\/#\/schema\/logo\/image\/\"}}]}<\/script>\n<!-- \/ Yoast SEO plugin. -->","yoast_head_json":{"title":"Pol\u00edtica de Privacidad - Aper Psicolog\u00eda","robots":{"index":"index","follow":"follow","max-snippet":"max-snippet:-1","max-image-preview":"max-image-preview:large","max-video-preview":"max-video-preview:-1"},"canonical":"https:\/\/aperpsicologia.es\/en\/politica-de-privacidad\/","og_locale":"en_US","og_type":"article","og_title":"Pol\u00edtica de Privacidad - Aper Psicolog\u00eda","og_description":"Pol\u00edticas de Privacidad de APER Psicolog\u00eda","og_url":"https:\/\/aperpsicologia.es\/en\/politica-de-privacidad\/","og_site_name":"Aper Psicolog\u00eda","article_modified_time":"2024-08-21T08:49:58+00:00","twitter_card":"summary_large_image","twitter_misc":{"Est. reading time":"7 minutes"},"schema":{"@context":"https:\/\/schema.org","@graph":[{"@type":"WebPage","@id":"https:\/\/aperpsicologia.es\/politica-de-privacidad\/","url":"https:\/\/aperpsicologia.es\/politica-de-privacidad\/","name":"Pol\u00edtica de Privacidad - Aper Psicolog\u00eda","isPartOf":{"@id":"https:\/\/aperpsicologia.es\/#website"},"datePublished":"2024-08-13T11:15:28+00:00","dateModified":"2024-08-21T08:49:58+00:00","breadcrumb":{"@id":"https:\/\/aperpsicologia.es\/politica-de-privacidad\/#breadcrumb"},"inLanguage":"en-US","potentialAction":[{"@type":"ReadAction","target":["https:\/\/aperpsicologia.es\/politica-de-privacidad\/"]}]},{"@type":"BreadcrumbList","@id":"https:\/\/aperpsicologia.es\/politica-de-privacidad\/#breadcrumb","itemListElement":[{"@type":"ListItem","position":1,"name":"Home","item":"https:\/\/aperpsicologia.es\/"},{"@type":"ListItem","position":2,"name":"Pol\u00edtica de Privacidad"}]},{"@type":"WebSite","@id":"https:\/\/aperpsicologia.es\/#website","url":"https:\/\/aperpsicologia.es\/","name":"Aper Psicolog\u00eda","description":"","publisher":{"@id":"https:\/\/aperpsicologia.es\/#organization"},"potentialAction":[{"@type":"SearchAction","target":{"@type":"EntryPoint","urlTemplate":"https:\/\/aperpsicologia.es\/?s={search_term_string}"},"query-input":{"@type":"PropertyValueSpecification","valueRequired":true,"valueName":"search_term_string"}}],"inLanguage":"en-US"},{"@type":"Organization","@id":"https:\/\/aperpsicologia.es\/#organization","name":"Aper Psicolog\u00eda","url":"https:\/\/aperpsicologia.es\/","logo":{"@type":"ImageObject","inLanguage":"en-US","@id":"https:\/\/aperpsicologia.es\/#\/schema\/logo\/image\/","url":"http:\/\/aperpsicologia.es\/wp-content\/uploads\/2024\/07\/Logo-Sin-Fondo.png","contentUrl":"http:\/\/aperpsicologia.es\/wp-content\/uploads\/2024\/07\/Logo-Sin-Fondo.png","width":372,"height":372,"caption":"Aper Psicolog\u00eda"},"image":{"@id":"https:\/\/aperpsicologia.es\/#\/schema\/logo\/image\/"}}]}},"_links":{"self":[{"href":"https:\/\/aperpsicologia.es\/en\/wp-json\/wp\/v2\/pages\/608","targetHints":{"allow":["GET"]}}],"collection":[{"href":"https:\/\/aperpsicologia.es\/en\/wp-json\/wp\/v2\/pages"}],"about":[{"href":"https:\/\/aperpsicologia.es\/en\/wp-json\/wp\/v2\/types\/page"}],"author":[{"embeddable":true,"href":"https:\/\/aperpsicologia.es\/en\/wp-json\/wp\/v2\/users\/1"}],"replies":[{"embeddable":true,"href":"https:\/\/aperpsicologia.es\/en\/wp-json\/wp\/v2\/comments?post=608"}],"version-history":[{"count":13,"href":"https:\/\/aperpsicologia.es\/en\/wp-json\/wp\/v2\/pages\/608\/revisions"}],"predecessor-version":[{"id":919,"href":"https:\/\/aperpsicologia.es\/en\/wp-json\/wp\/v2\/pages\/608\/revisions\/919"}],"wp:attachment":[{"href":"https:\/\/aperpsicologia.es\/en\/wp-json\/wp\/v2\/media?parent=608"}],"curies":[{"name":"wp","href":"https:\/\/api.w.org\/{rel}","templated":true}]}}